{"id":1032,"date":"2021-05-18T17:19:08","date_gmt":"2021-05-18T20:19:08","guid":{"rendered":"https:\/\/fermenteceventos.com.br\/eventos\/?page_id=1032"},"modified":"2021-08-03T10:32:32","modified_gmt":"2021-08-03T13:32:32","slug":"webmeeting-reuniao-anual-2021","status":"publish","type":"page","link":"https:\/\/eventosfermentec.com.br\/eventos\/legacy\/","title":{"rendered":"Webmeeting Reuni\u00e3o Anual 2021"},"content":{"rendered":"<section class=\"wpb-content-wrapper\"><p>[vc_row full_width=&#8221;stretch_row&#8221; full_height=&#8221;yes&#8221; equal_height=&#8221;yes&#8221; content_placement=&#8221;middle&#8221; disable_element=&#8221;yes&#8221; css=&#8221;.vc_custom_1621727188735{margin-top: -50px !important;background-image: url(https:\/\/fermenteceventos.com.br\/eventos\/wp-content\/uploads\/2021\/05\/WEB-RA-21-Site-2-4.png?id=1053) !important;background-position: center !important;background-repeat: no-repeat !important;background-size: cover !important;}&#8221;][vc_column][vc_empty_space height=&#8221;50&#8243;][\/vc_column][vc_column width=&#8221;1\/3&#8243;][vc_raw_html]JTVCZGlzcGxheUNvdW50ZG93bnMlMjBpZCUzRCUyMjU1OCUyMiU1RA==[\/vc_raw_html][vc_btn title=&#8221;QUERO TRANSFORMAR MINHA USINA!&#8221; style=&#8221;gradient&#8221; gradient_color_2=&#8221;peacoc&#8221; align=&#8221;center&#8221; button_block=&#8221;true&#8221; link=&#8221;url:https%3A%2F%2Fconteudo.fermentec.com.br%2F2021-reuniao-anual-webmeeting-landing-page-de-inscricao||target:%20_blank|&#8221;][\/vc_column][vc_column width=&#8221;2\/3&#8243;][\/vc_column][vc_column css=&#8221;.vc_custom_1595124293417{margin-top: 50px !important;}&#8221;][\/vc_column][\/vc_row][vc_row full_width=&#8221;stretch_row_content&#8221; full_height=&#8221;yes&#8221; equal_height=&#8221;yes&#8221; content_placement=&#8221;middle&#8221; css=&#8221;.vc_custom_1621803805270{margin-top: -50px !important;background-image: url(https:\/\/fermenteceventos.com.br\/eventos\/wp-content\/uploads\/2021\/05\/ra21-bg-scaled.jpg?id=1145) !important;background-position: center !important;background-repeat: no-repeat !important;background-size: cover !important;}&#8221;][vc_column][vc_empty_space height=&#8221;10px&#8221;][\/vc_column][vc_column width=&#8221;1\/6&#8243; css=&#8221;.vc_custom_1621803529619{padding-top: 40px !important;}&#8221;][vc_empty_space][\/vc_column][vc_column width=&#8221;3\/6&#8243;][vc_single_image image=&#8221;1196&#8243; img_size=&#8221;full&#8221;][vc_custom_heading text=&#8221;DO A\u00c7\u00daCAR E \u00c1LCOOL \u00c0 SUSTENTABILIDADE COMO PRODUTO.&#8221; font_container=&#8221;tag:h2|text_align:left|color:%23ffffff&#8221; google_fonts=&#8221;font_family:Open%20Sans%20Condensed%3A300%2C300italic%2C700|font_style:700%20bold%20regular%3A700%3Anormal&#8221;][vc_column_text]<\/p>\n<h4><span style=\"color: #ffffff;\">As novas tecnologias, produtos e uma nova e poderosa mentalidade a servi\u00e7o da sustentabilidade e responsabilidade social.<\/span><br \/>\n<span style=\"color: #ffffff;\">Voc\u00ea j\u00e1 transformou sua usina?<\/span><\/h4>\n<p>[\/vc_column_text][vc_raw_html]JTVCZGlzcGxheUNvdW50ZG93bnMlMjBpZCUzRCUyMjExODIlMjIlNUQ=[\/vc_raw_html][vc_btn title=&#8221;QUERO TRANSFORMAR MINHA USINA!&#8221; style=&#8221;gradient&#8221; gradient_color_2=&#8221;peacoc&#8221; shape=&#8221;round&#8221; align=&#8221;left&#8221; link=&#8221;url:https%3A%2F%2Fconteudo.fermentec.com.br%2Fwebmeetingra2021||target:%20_blank|&#8221; el_class=&#8221;but-ra21&#8243;][\/vc_column][vc_column width=&#8221;2\/6&#8243;][vc_single_image image=&#8221;1165&#8243; img_size=&#8221;&#8221; alignment=&#8221;right&#8221;][vc_single_image image=&#8221;1193&#8243; img_size=&#8221;340&#215;52&#8243; alignment=&#8221;right&#8221; css=&#8221;.vc_custom_1621805824104{margin-right: 35px !important;}&#8221;][\/vc_column][\/vc_row][vc_row full_width=&#8221;stretch_row&#8221; equal_height=&#8221;yes&#8221; content_placement=&#8221;middle&#8221; css=&#8221;.vc_custom_1621798187517{padding-top: 50px !important;padding-bottom: 100px !important;background-color: #010101 !important;background-position: center !important;background-repeat: no-repeat !important;background-size: cover !important;}&#8221; el_id=&#8221;conceito&#8221;][vc_column width=&#8221;1\/2&#8243;][vc_wp_text]<img loading=\"lazy\" class=\"alignnone wp-image-1222\" src=\"https:\/\/fermenteceventos.com.br\/eventos\/wp-content\/uploads\/2021\/05\/Icones-Site-Meio-ambiente-Webmeeting-RA21.png\" alt=\"\" width=\"63\" height=\"63\" srcset=\"https:\/\/eventosfermentec.com.br\/eventos\/legacy\/wp-content\/uploads\/2021\/05\/Icones-Site-Meio-ambiente-Webmeeting-RA21.png 500w, https:\/\/eventosfermentec.com.br\/eventos\/legacy\/wp-content\/uploads\/2021\/05\/Icones-Site-Meio-ambiente-Webmeeting-RA21-150x150.png 150w, https:\/\/eventosfermentec.com.br\/eventos\/legacy\/wp-content\/uploads\/2021\/05\/Icones-Site-Meio-ambiente-Webmeeting-RA21-146x146.png 146w, https:\/\/eventosfermentec.com.br\/eventos\/legacy\/wp-content\/uploads\/2021\/05\/Icones-Site-Meio-ambiente-Webmeeting-RA21-50x50.png 50w, https:\/\/eventosfermentec.com.br\/eventos\/legacy\/wp-content\/uploads\/2021\/05\/Icones-Site-Meio-ambiente-Webmeeting-RA21-75x75.png 75w, https:\/\/eventosfermentec.com.br\/eventos\/legacy\/wp-content\/uploads\/2021\/05\/Icones-Site-Meio-ambiente-Webmeeting-RA21-85x85.png 85w, https:\/\/eventosfermentec.com.br\/eventos\/legacy\/wp-content\/uploads\/2021\/05\/Icones-Site-Meio-ambiente-Webmeeting-RA21-80x80.png 80w\" sizes=\"(max-width: 63px) 100vw, 63px\" \/> \u00a0 \u00a0 \u00a0 \u00a0 \u00a0 \u00a0 <img loading=\"lazy\" class=\"alignnone wp-image-1223\" src=\"https:\/\/fermenteceventos.com.br\/eventos\/wp-content\/uploads\/2021\/05\/Icones-Site-Sociedade-Webmeeting-RA21.png\" alt=\"\" width=\"61\" height=\"61\" srcset=\"https:\/\/eventosfermentec.com.br\/eventos\/legacy\/wp-content\/uploads\/2021\/05\/Icones-Site-Sociedade-Webmeeting-RA21.png 500w, https:\/\/eventosfermentec.com.br\/eventos\/legacy\/wp-content\/uploads\/2021\/05\/Icones-Site-Sociedade-Webmeeting-RA21-150x150.png 150w, https:\/\/eventosfermentec.com.br\/eventos\/legacy\/wp-content\/uploads\/2021\/05\/Icones-Site-Sociedade-Webmeeting-RA21-146x146.png 146w, https:\/\/eventosfermentec.com.br\/eventos\/legacy\/wp-content\/uploads\/2021\/05\/Icones-Site-Sociedade-Webmeeting-RA21-50x50.png 50w, https:\/\/eventosfermentec.com.br\/eventos\/legacy\/wp-content\/uploads\/2021\/05\/Icones-Site-Sociedade-Webmeeting-RA21-75x75.png 75w, https:\/\/eventosfermentec.com.br\/eventos\/legacy\/wp-content\/uploads\/2021\/05\/Icones-Site-Sociedade-Webmeeting-RA21-85x85.png 85w, https:\/\/eventosfermentec.com.br\/eventos\/legacy\/wp-content\/uploads\/2021\/05\/Icones-Site-Sociedade-Webmeeting-RA21-80x80.png 80w\" sizes=\"(max-width: 61px) 100vw, 61px\" \/>\u00a0\u00a0 \u00a0 \u00a0 \u00a0 \u00a0 \u00a0 <img loading=\"lazy\" class=\"alignnone wp-image-1224\" src=\"https:\/\/fermenteceventos.com.br\/eventos\/wp-content\/uploads\/2021\/05\/Icones-Site-Governanca-Webmeeting-RA21.png\" alt=\"\" width=\"64\" height=\"63\" srcset=\"https:\/\/eventosfermentec.com.br\/eventos\/legacy\/wp-content\/uploads\/2021\/05\/Icones-Site-Governanca-Webmeeting-RA21.png 500w, https:\/\/eventosfermentec.com.br\/eventos\/legacy\/wp-content\/uploads\/2021\/05\/Icones-Site-Governanca-Webmeeting-RA21-150x150.png 150w, https:\/\/eventosfermentec.com.br\/eventos\/legacy\/wp-content\/uploads\/2021\/05\/Icones-Site-Governanca-Webmeeting-RA21-146x146.png 146w, https:\/\/eventosfermentec.com.br\/eventos\/legacy\/wp-content\/uploads\/2021\/05\/Icones-Site-Governanca-Webmeeting-RA21-50x50.png 50w, https:\/\/eventosfermentec.com.br\/eventos\/legacy\/wp-content\/uploads\/2021\/05\/Icones-Site-Governanca-Webmeeting-RA21-75x75.png 75w, https:\/\/eventosfermentec.com.br\/eventos\/legacy\/wp-content\/uploads\/2021\/05\/Icones-Site-Governanca-Webmeeting-RA21-85x85.png 85w, https:\/\/eventosfermentec.com.br\/eventos\/legacy\/wp-content\/uploads\/2021\/05\/Icones-Site-Governanca-Webmeeting-RA21-80x80.png 80w\" sizes=\"(max-width: 64px) 100vw, 64px\" \/>[\/vc_wp_text][vc_custom_heading text=&#8221;Meio ambiente, sociedade e governan\u00e7a.&#8221; font_container=&#8221;tag:h2|text_align:left|color:%23ffffff&#8221; google_fonts=&#8221;font_family:Open%20Sans%20Condensed%3A300%2C300italic%2C700|font_style:700%20bold%20regular%3A700%3Anormal&#8221;][\/vc_column][vc_column width=&#8221;1\/2&#8243;][vc_column_text]<\/p>\n<h4><span style=\"color: #ffffff;\">As discuss\u00f5es a respeito da produtividade do a\u00e7\u00facar e do etanol dividem espa\u00e7o com novos produtos da cana, que promovem valores ambientais, sociais e monet\u00e1rios numa nova economia, que paga pela constru\u00e7\u00e3o de um amanh\u00e3 sustent\u00e1vel. \u00c9 indispens\u00e1vel para as usinas avan\u00e7ar sobre os desafios de ontem e extrair mais, n\u00e3o apenas da cana, mas da sua vis\u00e3o de neg\u00f3cio.<\/span><\/h4>\n<h4><span style=\"color: #ffffff;\">As aten\u00e7\u00f5es do Webmeeting Fermentec &#8211; 43\u00aa Reuni\u00e3o Anual 2021, se voltam para as novas trilhas tecnol\u00f3gicas, de produtos j\u00e1 consolidados aos mais disruptivos, que na medida em que caminham para uma realidade transformada de biorefinarias, convertem a sustentabilidade em valor de fato para seus neg\u00f3cios.<\/span><\/h4>\n<h4><span style=\"color: #ffffff;\">Participe da discuss\u00e3o, traga seus desafios. Supere os obst\u00e1culos de ontem e abra sua usina para novas e grandes possibilidades.<\/span><\/h4>\n<p>[\/vc_column_text][\/vc_column][\/vc_row][vc_row full_width=&#8221;stretch_row&#8221; equal_height=&#8221;yes&#8221; content_placement=&#8221;middle&#8221; parallax=&#8221;content-moving&#8221; parallax_image=&#8221;537&#8243; disable_element=&#8221;yes&#8221; css=&#8221;.vc_custom_1595179635108{padding-top: 50px !important;padding-bottom: 50px !important;background-position: center;background-repeat: no-repeat !important;background-size: cover !important;}&#8221;][vc_column width=&#8221;1\/2&#8243;][\/vc_column][vc_column width=&#8221;1\/2&#8243;][vc_custom_heading text=&#8221;&#8221; font_container=&#8221;tag:h2|text_align:left|color:%23ffffff&#8221; use_theme_fonts=&#8221;yes&#8221;][vc_column_text]<\/p>\n<p class=\"big\"><span style=\"color: #ffffff;\">O Webmeeting Fermentec 2020 \u00e9 a resposta da Fermentec \u00e0s limita\u00e7\u00f5es impostas pelo distanciamento social na sua miss\u00e3o de criar e disseminar conhecimento e estimular a ind\u00fastria sucroenerg\u00e9tica a buscar o crescimento e a inova\u00e7\u00e3o tecnol\u00f3gica.<\/span><\/p>\n<p class=\"big\"><span style=\"color: #ffffff;\">O Webmeeting Fermentec 2020 surge para promover uma experi\u00eancia rica e interativa, tal qual os eventos presenciais, onde profissionais e empresas podem buscar essa capacita\u00e7\u00e3o profissional, atualiza\u00e7\u00e3o tecnol\u00f3gica e networking. Se a intera\u00e7\u00e3o f\u00edsica \u00e9 limitada, o ambiente virtual rompe as limita\u00e7\u00f5es geogr\u00e1ficas e log\u00edstica ampliando assim o alcance do conhecimento e da inova\u00e7\u00e3o.<\/span><\/p>\n<p>[\/vc_column_text][\/vc_column][\/vc_row][vc_row full_width=&#8221;stretch_row_content&#8221; equal_height=&#8221;yes&#8221; content_placement=&#8221;middle&#8221; css=&#8221;.vc_custom_1621798358732{margin-top: -150px !important;margin-bottom: 0px !important;border-bottom-width: 0px !important;padding-top: 50px !important;padding-right: 50px !important;padding-bottom: 50px !important;padding-left: 50px !important;background-position: center !important;background-repeat: no-repeat !important;background-size: cover !important;}&#8221; el_class=&#8221;oqueesperar&#8221; el_id=&#8221;oqueesperar&#8221;][vc_column width=&#8221;5\/5&#8243;][vc_row_inner css=&#8221;.vc_custom_1621784612318{background-color: #1c9ce7 !important;}&#8221;][vc_column_inner width=&#8221;1\/6&#8243;][\/vc_column_inner][vc_column_inner width=&#8221;1\/6&#8243;][vc_wp_text]<\/p>\n<h2><span style=\"color: #ffffff;\">Online<\/span><\/h2>\n<h4><span style=\"color: #ffffff;\">Um evento completo e 100% online que te possibilita participar do conforto do seu escrit\u00f3rio, casa ou de onde quer que voc\u00ea tenha acesso ao smartphone ou computador.<\/span><\/h4>\n<p>[\/vc_wp_text][\/vc_column_inner][vc_column_inner width=&#8221;1\/6&#8243;][vc_wp_text]<\/p>\n<h2><span style=\"color: #ffffff;\">Gratuito<\/span><\/h2>\n<div id=\"rd-column-kovp87ir\" class=\"bricks--column rd-column\">\n<div id=\"rd-text-kovp87it\" class=\"bricks--component bricks--component-text rd-text\">\n<h4><span style=\"color: #ffffff;\">Evento gratuito a todos os profissionais e usinas do setor, permeando em toda a programa\u00e7\u00e3o com discuss\u00f5es e debates envolvendo pesquisadores, t\u00e9cnicos gestores e outros especialistas.<\/span><\/h4>\n<\/div>\n<\/div>\n<div id=\"rd-column-jsc1qh6x\" class=\"bricks--column rd-column\">\n<div>\n<div id=\"rd-text-jscjo0z2\" class=\"bricks--component bricks--component-text rd-text\"><\/div>\n<\/div>\n<\/div>\n<p>[\/vc_wp_text][\/vc_column_inner][vc_column_inner width=&#8221;1\/6&#8243;][vc_wp_text]<\/p>\n<h2><span style=\"color: #ffffff;\">Ao Vivo<\/span><\/h2>\n<div id=\"rd-column-kovp87ir\" class=\"bricks--column rd-column\">\n<div id=\"rd-text-kovp87it\" class=\"bricks--component bricks--component-text rd-text\">\n<h4><span style=\"color: #ffffff;\">Traga seus desafios e tire suas d\u00favidas fazendo perguntas ao vivo pela plataforma de transmiss\u00e3o ZOOM, assim nossos especialistas poder\u00e3o lhe ajudar e contribuir para o seu crescimento.<\/span><\/h4>\n<div id=\"rd-column-jsc1qh6x\" class=\"bricks--column rd-column\">\n<div>\n<div id=\"rd-text-jscjo0z2\" class=\"bricks--component bricks--component-text rd-text\"><\/div>\n<\/div>\n<\/div>\n<\/div>\n<\/div>\n<p>[\/vc_wp_text][\/vc_column_inner][vc_column_inner width=&#8221;1\/6&#8243;][vc_wp_text]<\/p>\n<h2><span style=\"color: #ffffff;\">Exclusivo<\/span><\/h2>\n<h4><span style=\"color: #ffffff;\">Palestras e apresenta\u00e7\u00f5es com transmiss\u00e3o ao vivo, dispon\u00edvel apenas no dia, sobre novas tecnologias aplicadas e estudos de caso trazendo conhecimento concreto e de viabilidade imediata.<\/span><\/h4>\n<p>[\/vc_wp_text][\/vc_column_inner][vc_column_inner width=&#8221;1\/6&#8243;][\/vc_column_inner][\/vc_row_inner][\/vc_column][\/vc_row][vc_row full_width=&#8221;stretch_row_content&#8221; equal_height=&#8221;yes&#8221; content_placement=&#8221;middle&#8221; css=&#8221;.vc_custom_1621798358732{margin-top: -150px !important;margin-bottom: 0px !important;border-bottom-width: 0px !important;padding-top: 50px !important;padding-right: 50px !important;padding-bottom: 50px !important;padding-left: 50px !important;background-position: center !important;background-repeat: no-repeat !important;background-size: cover !important;}&#8221; el_class=&#8221;oqueesperar&#8221;][vc_column width=&#8221;5\/5&#8243;][\/vc_column][\/vc_row][vc_row full_width=&#8221;stretch_row&#8221; el_id=&#8221;conteudo&#8221; el_class=&#8221;conteudo&#8221; css=&#8221;.vc_custom_1626117653007{background-position: center !important;background-repeat: no-repeat !important;background-size: cover !important;}&#8221;][vc_column]<div data-id='1261124323' data-background-color='' data-icon-color='#000' data-heading-color='#0a0a0a' data-border-color='#0a0101' data-icon-position='left' data-heading-position='center' data-heading-tags='h1' class='bit-pb-heading'><h1  class=' top-bordered bit14-heading' style='font-family:Oswald !important; font-weight:300 !important; font-style:normal !important; '>Programa\u00e7\u00e3o<\/h1><\/div>[\/vc_column][\/vc_row][vc_row full_width=&#8221;stretch_row&#8221; el_class=&#8221;conteudo&#8221; css=&#8221;.vc_custom_1626117659997{background-color: #ffffff !important;background-position: center !important;background-repeat: no-repeat !important;background-size: cover !important;}&#8221;][vc_column width=&#8221;1\/3&#8243;][vc_tta_accordion shape=&#8221;square&#8221; color=&#8221;black&#8221; active_section=&#8221;0&#8243; title=&#8221;Ter\u00e7a feira &#8211; 27 de julho&#8221;][vc_tta_section title=&#8221;Vinheta Abertura&#8221; tab_id=&#8221;1621541750490-48043503-24b4&#8243;][\/vc_tta_section][vc_tta_section title=&#8221;Abertura \u2013 Henrique Berbert de Amorim Neto (Presidente Fermentec)&#8221; tab_id=&#8221;1621541750539-b85614bd-ea27&#8243;][vc_single_image image=&#8221;973&#8243;][\/vc_tta_section][vc_tta_section title=&#8221;Orienta\u00e7\u00f5es Evento&#8221; tab_id=&#8221;1621541750612-558aca8c-aa6c&#8221;][\/vc_tta_section][vc_tta_section title=&#8221;Mobilidade sustent\u00e1vel usando etanol \u2013 Pl\u00ednio Nastari (Presidente Datagro)&#8221; tab_id=&#8221;1621541750662-a1afc3e7-cc3b&#8221;][vc_single_image image=&#8221;1301&#8243;][\/vc_tta_section][vc_tta_section title=&#8221;ESG: O que eu tenho a ver com isso? \u2013 Marc Fran\u00e7ois Richter (Universidade Estadual do Rio Grande do Sul)&#8221; tab_id=&#8221;1621541750753-24c23898-708e&#8221;][vc_single_image image=&#8221;1303&#8243;][\/vc_tta_section][vc_tta_section title=&#8221;V\u00eddeo Sicoob&#8221; tab_id=&#8221;1621541750846-b58362b3-438c&#8221;][\/vc_tta_section][vc_tta_section title=&#8221;V\u00eddeo Bray&#8221; tab_id=&#8221;1621541750938-19d82250-d288&#8243;][\/vc_tta_section][vc_tta_section title=&#8221;Novas tecnologias para a sustentabilidade \u2013 Alexandre Godoy (Fermentec)&#8221; tab_id=&#8221;1621541751027-ebea2124-d242&#8243;][vc_single_image image=&#8221;741&#8243;][\/vc_tta_section][vc_tta_section title=&#8221;Cen\u00e1rio atual e potencialidades do biog\u00e1s no setor \u2013 S\u00e9rgio Ramos da Cruz (Diretor da Paques LAM)&#8221; tab_id=&#8221;1621541751108-513fba6b-0055&#8243;][vc_single_image image=&#8221;1308&#8243;][\/vc_tta_section][vc_tta_section title=&#8221;Grande Debate&#8221; tab_id=&#8221;1621541751292-cb1c09bf-7ef0&#8243;][\/vc_tta_section][vc_tta_section title=&#8221;Encerramento&#8221; tab_id=&#8221;1621541751340-454b74c0-bdf3&#8243;][\/vc_tta_section][\/vc_tta_accordion][\/vc_column][vc_column width=&#8221;1\/3&#8243;][vc_tta_accordion shape=&#8221;square&#8221; color=&#8221;black&#8221; active_section=&#8221;0&#8243; title=&#8221;Quarta-feira &#8211; 28 de julho&#8221;][vc_tta_section title=&#8221;Vinheta Abertura&#8221; tab_id=&#8221;1621541751459-72b97c2b-ce28&#8243;][\/vc_tta_section][vc_tta_section title=&#8221;Orienta\u00e7\u00f5es Evento&#8221; tab_id=&#8221;1621541751497-931b5e20-05e5&#8243;][\/vc_tta_section][vc_tta_section title=&#8221;O uso racional dos res\u00edduos industriais na lavoura \u2013 Otavio Tufi (Benri)&#8221; tab_id=&#8221;1621541751591-5311d609-2f01&#8243;][vc_single_image image=&#8221;1309&#8243;][\/vc_tta_section][vc_tta_section title=&#8221;V\u00eddeo Autolab&#8221; tab_id=&#8221;1621541751649-5ea40700-134c&#8221;][\/vc_tta_section][vc_tta_section title=&#8221;Palestra Complementar \u2013 Tecnologia automatizada para limpeza e desinfec\u00e7\u00e3o de tanques com conceito da ind\u00fastria 4.0 \u2013 Caio Martins Roza (Scanjet Systems)&#8221; tab_id=&#8221;1621541751730-7b3b1f6f-d6e8&#8243;][vc_single_image image=&#8221;1295&#8243;][\/vc_tta_section][vc_tta_section title=&#8221;RenovaBio como refer\u00eancia de efici\u00eancia ambiental \u2013 Thierry Couto (Benri)&#8221; tab_id=&#8221;1621541751850-372bca7f-edb4&#8243;][vc_single_image image=&#8221;1310&#8243;][\/vc_tta_section][vc_tta_section title=&#8221;Palestra Complementar \u2013 Aumento de efici\u00eancia fermentativa com tecnologia BAC-CEN 20-14 \u2013 Antonio Diogo Ferreira (Centerqu\u00edmica)&#8221; tab_id=&#8221;1621541751928-d80bc8d6-f988&#8243;][vc_single_image image=&#8221;1296&#8243;][\/vc_tta_section][vc_tta_section title=&#8221;Palestra Complementar \u2013 A evolu\u00e7\u00e3o da ind\u00fastria 4.0 com a tecnologia NIRS FOSS \u2013 Dorival Pires Junior (Cetec)&#8221; tab_id=&#8221;1621541752109-fad4fa97-33c7&#8243;][vc_single_image image=&#8221;1297&#8243;][\/vc_tta_section][vc_tta_section title=&#8221;Medi\u00e7\u00e3o do rendimento geral da destilaria: Grandes tecnologias, trazem grandes Responsabilidades \u2013 Armando Gameiro Junior, Paulo R. Vilela e Eder Silvestrini (Fermentec)&#8221; tab_id=&#8221;1621541752022-a015e412-8f47&#8243;][vc_images_carousel images=&#8221;1311,978,969&#8243;][\/vc_tta_section][vc_tta_section title=&#8221;Grande Debate&#8221; tab_id=&#8221;1621541752282-84493d8f-12ac&#8221;][\/vc_tta_section][vc_tta_section title=&#8221;Pr\u00eamio Excel\u00eancia Fermentec \u2013 Fernando Eder R\u00e9 (Fermentec)&#8221; tab_id=&#8221;1621541752190-fa8d4b46-e693&#8243;][vc_single_image image=&#8221;785&#8243;][\/vc_tta_section][vc_tta_section title=&#8221;Encerramento&#8221; tab_id=&#8221;1621541752326-ad53cb63-de02&#8243;][\/vc_tta_section][\/vc_tta_accordion][\/vc_column][vc_column width=&#8221;1\/3&#8243;][vc_tta_accordion shape=&#8221;square&#8221; color=&#8221;black&#8221; active_section=&#8221;0&#8243; title=&#8221;Quinta-feira &#8211; 29 de julho&#8221;][vc_tta_section title=&#8221;Vinheta Abertura&#8221; tab_id=&#8221;1621541752464-733c2630-29c5&#8243;][\/vc_tta_section][vc_tta_section title=&#8221;Orienta\u00e7\u00f5es Evento&#8221; tab_id=&#8221;1621541752505-75aec3f9-9ea4&#8243;][\/vc_tta_section][vc_tta_section title=&#8221;Sustentabilidade do laborat\u00f3rio em sintonia com a Organiza\u00e7\u00e3o ESG \u2013 Eduardo P. Borges (Fermentec)&#8221; tab_id=&#8221;1621541752596-734fd9a7-2d70&#8243;][vc_single_image image=&#8221;1312&#8243;][\/vc_tta_section][vc_tta_section title=&#8221;Palestra Complementar \u2013 A sustentabilidade para o setor sucroenerg\u00e9tico sob o ponto de vista Solenis \u2013 Glauco Mello (Solenis)&#8221; tab_id=&#8221;1621541752691-3675976c-5d15&#8243;][\/vc_tta_section][vc_tta_section title=&#8221;Palestra Complementar \u2013 Controle anal\u00edtico de \u00e1gua de processo na era do laborat\u00f3rio 4.0 Caio Gomes \u2013 (Satelit)&#8221; tab_id=&#8221;1621541752797-49d1951a-bf77&#8243;][vc_single_image image=&#8221;1298&#8243;][\/vc_tta_section][vc_tta_section title=&#8221;Sustentabilidade das fermenta\u00e7\u00f5es com alto teor alco\u00f3lico \u2013 Mario Lucio Lopes (Fermentec)&#8221; tab_id=&#8221;1621541752908-fd4ced23-8571&#8243;][vc_single_image image=&#8221;778&#8243;][\/vc_tta_section][vc_tta_section title=&#8221;Palestra Complementar \u2013 O controle biol\u00f3gico a servi\u00e7o da sustentabilidade \u2013 Italo Delalibera J\u00fanior (Oligos Biotec)&#8221; tab_id=&#8221;1621541753010-e8d5658e-912b&#8221;][vc_single_image image=&#8221;1299&#8243;][\/vc_tta_section][vc_tta_section title=&#8221;Oportunidades na produ\u00e7\u00e3o de a\u00e7\u00facar e qualidade da mat\u00e9ria prima \u2013 Dinailson Corr\u00eaa de Campos (Fermentec)&#8221; tab_id=&#8221;1621541753117-7566bb3f-5923&#8243;][vc_single_image image=&#8221;1313&#8243;][\/vc_tta_section][vc_tta_section title=&#8221;Grande Debate&#8221; tab_id=&#8221;1621541753334-b414afb4-a019&#8243;][\/vc_tta_section][vc_tta_section title=&#8221;Palestra Diferencial \u2013 Professor Marins&#8221; tab_id=&#8221;1621541753228-5a865d66-48cd&#8221;][vc_single_image image=&#8221;1314&#8243;][\/vc_tta_section][vc_tta_section title=&#8221;Webmeeting 2021 \u2013 43\u00aa. Reuni\u00e3o Anual \u2013 Claudemir Domingos Bernardino (Fermentec)&#8221; tab_id=&#8221;1621541753394-89b7e27b-2012&#8243;][vc_single_image image=&#8221;967&#8243;][\/vc_tta_section][\/vc_tta_accordion][\/vc_column][\/vc_row][vc_row disable_element=&#8221;yes&#8221;][vc_column]<div data-id='1172870982' data-background-color='' data-icon-color='#000' data-heading-color='#ffffff' data-border-color='#a62f2b' data-icon-position='left' data-heading-position='center' data-heading-tags='h1' class='bit-pb-heading'><h1  class=' top-bordered bit14-heading' style='font-family:Oswald !important; font-weight:300 !important; font-style:normal !important; '>Revista Digital<\/h1><\/div>[vc_custom_heading text=&#8221;Revista Digital&#8221; font_container=&#8221;tag:h2|font_size:44|text_align:center&#8221; use_theme_fonts=&#8221;yes&#8221;][\/vc_column][vc_column width=&#8221;1\/2&#8243;][vc_single_image image=&#8221;995&#8243; img_size=&#8221;full&#8221; onclick=&#8221;custom_link&#8221; link=&#8221;https:\/\/issuu.com\/fermentec\/docs\/guia_do_evento_webmeeting_fermentec_2021-22_ris&#8221;][\/vc_column][vc_column width=&#8221;1\/2&#8243;][vc_column_text]Na revista do Webmeeting Fermentec 2021\/22 Reuni\u00e3o In\u00edcio de Safra voc\u00ea vai ver as novidades sobre fermenta\u00e7\u00e3o, tecnologia e iniciativas pioneiras que est\u00e3o revolucionando o setor. Entre os destaques, est\u00e1 um guia completo com o passo a passo para a usina ter a sua pr\u00f3pria levedura Personalizada. Sobre o monitoramento de leveduras, saiba como est\u00e3o os processos das usinas Lins e Batatais que intensificaram as an\u00e1lises e est\u00e3o obtendo bons resultados. Tem tamb\u00e9m novidades da CJ Selecta, que iniciou um processo in\u00e9dito de produ\u00e7\u00e3o de etanol com mela\u00e7o de soja. Quer saber mais sobre a tecnologia do GAOA? Uma entrevista que explica de forma simples o papel dos algoritmos na usina 4.0.[\/vc_column_text][vc_btn title=&#8221;Acesse&#8221; style=&#8221;outline-custom&#8221; outline_custom_color=&#8221;#666666&#8243; outline_custom_hover_background=&#8221;#ffffff&#8221; outline_custom_hover_text=&#8221;#333333&#8243; link=&#8221;url:https%3A%2F%2Fissuu.com%2Ffermentec%2Fdocs%2Fguia_do_evento_webmeeting_fermentec_2021-22_ris|title:Revista||&#8221;][\/vc_column][\/vc_row][vc_row full_width=&#8221;stretch_row&#8221; equal_height=&#8221;yes&#8221; css=&#8221;.vc_custom_1621543204715{padding-top: 50px !important;padding-bottom: 50px !important;background-image: url(https:\/\/fermenteceventos.com.br\/eventos\/wp-content\/uploads\/2021\/05\/bg11.jpg.png?id=1126) !important;background-position: center !important;background-repeat: no-repeat !important;background-size: cover !important;}&#8221; el_id=&#8221;imagens&#8221;][vc_column]<div data-id='1122759175' data-background-color='' data-icon-color='#000' data-heading-color='#ffffff' data-border-color='#ffffff' data-icon-position='left' data-heading-position='center' data-heading-tags='h1' class='bit-pb-heading'><h1  class=' top-bordered bit14-heading' style='font-family:Oswald !important; font-weight:300 !important; font-style:normal !important; '>Confira as imagens do Webmeeting Fermentec - 43\u00aa Reuni\u00e3o Anual<\/h1><\/div>[\/vc_column][vc_column width=&#8221;1\/2&#8243;][vc_video link=&#8221;https:\/\/youtu.be\/3F1GG2oX6qQ&#8221;][\/vc_column][vc_column width=&#8221;1\/2&#8243;][vc_gallery type=&#8221;image_grid&#8221; images=&#8221;1318,1322,1319,1323,1325,1326,1327,1329,1342,1332,1341,1334,1330,1346,1331&#8243; img_size=&#8221;100&#215;100&#8243;][vc_btn title=&#8221;Veja a galeria completa&#8221; color=&#8221;white&#8221; i_align=&#8221;right&#8221; i_type=&#8221;openiconic&#8221; i_icon_openiconic=&#8221;vc-oi vc-oi-camera&#8221; add_icon=&#8221;true&#8221; link=&#8221;url:https%3A%2F%2Fwww.flickr.com%2Fphotos%2F155823658%40N02%2Falbums%2F72157719606950709|title:Veja%20a%20galeria%20completa|target:%20_blank|&#8221;][\/vc_column][\/vc_row][vc_row full_width=&#8221;stretch_row&#8221; equal_height=&#8221;yes&#8221; disable_element=&#8221;yes&#8221; css=&#8221;.vc_custom_1621543149946{padding-top: 50px !important;padding-bottom: 50px !important;background-image: url(https:\/\/fermenteceventos.com.br\/eventos\/wp-content\/uploads\/2019\/05\/home_band_section_1_bg-vermelho.jpg?id=230) !important;background-position: center !important;background-repeat: no-repeat !important;background-size: cover !important;}&#8221;][vc_column]<div data-id='1171682078' data-background-color='' data-icon-color='#000' data-heading-color='#ffffff' data-border-color='#a62f2b' data-icon-position='left' data-heading-position='center' data-heading-tags='h1' class='bit-pb-heading'><h1  class=' top-bordered bit14-heading' style='font-family:Oswald !important; font-weight:300 !important; font-style:normal !important; '>Confira as imagens do Webmeeting Fermentec 2021\/22 Reuni\u00e3o In\u00edcio de Safra<\/h1><\/div>[\/vc_column][vc_column width=&#8221;1\/2&#8243;][vc_video link=&#8221;https:\/\/youtu.be\/3F1GG2oX6qQ&#8221;][\/vc_column][vc_column width=&#8221;1\/2&#8243;][vc_gallery type=&#8221;image_grid&#8221; images=&#8221;1010,1012,1013,1011,1014,1015,1016,1017,1018,1020,1021,1022,1023,1024,1028&#8243; img_size=&#8221;100&#215;100&#8243;][vc_btn title=&#8221;Veja a galeria completa&#8221; color=&#8221;white&#8221; i_align=&#8221;right&#8221; i_type=&#8221;openiconic&#8221; i_icon_openiconic=&#8221;vc-oi vc-oi-camera&#8221; add_icon=&#8221;true&#8221; link=&#8221;url:https%3A%2F%2Fwww.flickr.com%2Fphotos%2F155823658%40N02%2Falbums%2F72157718427888653|title:Veja%20a%20galeria%20completa|target:%20_blank|&#8221;][\/vc_column][\/vc_row][vc_row full_width=&#8221;stretch_row&#8221; equal_height=&#8221;yes&#8221; content_placement=&#8221;middle&#8221; css=&#8221;.vc_custom_1621797603638{background-color: #1c9ce7 !important;background-position: center !important;background-repeat: no-repeat !important;background-size: cover !important;}&#8221; el_id=&#8221;cta&#8221;][vc_column width=&#8221;1\/6&#8243; offset=&#8221;vc_hidden-sm vc_hidden-xs&#8221;][\/vc_column][vc_column width=&#8221;2\/6&#8243;][vc_custom_heading text=&#8221;Inscreva-se j\u00e1!&#8221; font_container=&#8221;tag:h2|text_align:left|color:%23ffffff&#8221; use_theme_fonts=&#8221;yes&#8221;][vc_column_text]<\/p>\n<h4><span style=\"color: #ffffff;\">Garanta sua participa\u00e7\u00e3o e receba novidades!<\/span><\/h4>\n<p>[\/vc_column_text][\/vc_column][vc_column width=&#8221;2\/6&#8243;][vc_btn title=&#8221;Inscrever&#8221; style=&#8221;gradient&#8221; gradient_color_1=&#8221;black&#8221; gradient_color_2=&#8221;mulled-wine&#8221; shape=&#8221;round&#8221; size=&#8221;lg&#8221; align=&#8221;center&#8221; link=&#8221;url:https%3A%2F%2Fconteudo.fermentec.com.br%2Fwebmeetingra2021||target:%20_blank|&#8221;][\/vc_column][vc_column width=&#8221;1\/6&#8243; offset=&#8221;vc_hidden-sm vc_hidden-xs&#8221;][\/vc_column][\/vc_row][vc_row full_width=&#8221;stretch_row&#8221; css=&#8221;.vc_custom_1625148694761{background-position: center !important;background-repeat: no-repeat !important;background-size: cover !important;}&#8221; el_id=&#8221;patrocinadores&#8221;][vc_column]<div data-id='1316800018' data-background-color='' data-icon-color='#000' data-heading-color='#000000' data-border-color='#0a0000' data-icon-position='left' data-heading-position='center' data-heading-tags='h1' class='bit-pb-heading'><h1  class=' top-bordered bit14-heading' style='font-family:Oswald !important; font-weight:300 !important; font-style:normal !important; '>Patrocinadores<\/h1><\/div>[\/vc_column][vc_column width=&#8221;1\/6&#8243;][\/vc_column][vc_column width=&#8221;2\/3&#8243;][vc_raw_html]JTVCZm9vZ2FsbGVyeSUyMGlkJTNEJTIyNjQ1JTIyJTVE[\/vc_raw_html][\/vc_column][vc_column width=&#8221;1\/6&#8243;][\/vc_column][\/vc_row][vc_row full_width=&#8221;stretch_row&#8221; disable_element=&#8221;yes&#8221; css=&#8221;.vc_custom_1625148701171{background-position: center !important;background-repeat: no-repeat !important;background-size: cover !important;}&#8221;][vc_column]<div data-id='1131436929' data-background-color='' data-icon-color='#000' data-heading-color='#000000' data-border-color='#a62f2b' data-icon-position='left' data-heading-position='center' data-heading-tags='h1' class='bit-pb-heading'><h1  class=' top-bordered bit14-heading' style='font-family:Oswald !important; font-weight:300 !important; font-style:normal !important; '>Patrocinadores<\/h1><\/div>[\/vc_column][vc_column width=&#8221;1\/6&#8243;][\/vc_column][vc_column width=&#8221;2\/3&#8243;][vc_single_image image=&#8221;399&#8243; img_size=&#8221;full&#8221;][\/vc_column][vc_column width=&#8221;1\/6&#8243;][\/vc_column][\/vc_row][vc_row equal_height=&#8221;yes&#8221; content_placement=&#8221;middle&#8221; el_class=&#8221;footer&#8221;][vc_column width=&#8221;1\/3&#8243;][vc_single_image image=&#8221;43&#8243; img_size=&#8221;201&#215;37&#8243;]<div  class='list row horizontal theme_1'><div  class=\"bit-iconic-list pb-col-sm-12 \" >\r\n                    <div  class=\"list-item  bit-iconic-list-item\" data-bg-color=\"transparent\" data-hover-color=\"transparent\" data-text-color=\"#a62f2b\" data-hover-text-color=\"\" data-hover-icon-color=\"\" style=\"background: transparent\" >\r\n                        <div class=\"bit-iconic-list-inner\">\r\n                            <span class=\"icon fa fa-youtube-play\" ><\/span>\r\n                            <div class=\"bit-iconic-list-content\">\r\n                                <a href=\"https:\/\/www.youtube.com\/fermentectv\">\r\n                                    <h4 style=\"font-family:Inherit !important; font-weight: !important; font-style: !important; \">youtube.com\/fermentectv<\/h4>\r\n                                   <p style=\"font-family:Inherit !important; font-weight: !important; font-style: !important; \"><\/p>\r\n                                <\/a>\r\n                            <\/div>\r\n                        <\/div>\r\n                    <\/div>\r\n                    \r\n                <\/div><div  class=\"bit-iconic-list pb-col-sm-12 \" >\r\n                    <div  class=\"list-item  bit-iconic-list-item\" data-bg-color=\"transparent\" data-hover-color=\"transparent\" data-text-color=\"#a62f2b\" data-hover-text-color=\"\" data-hover-icon-color=\"\" style=\"background: transparent\" >\r\n                        <div class=\"bit-iconic-list-inner\">\r\n                            <span class=\"icon fa fa-linkedin-square\" ><\/span>\r\n                            <div class=\"bit-iconic-list-content\">\r\n                                <a href=\"https:\/\/www.linkedin.com\/company\/fermentec\/\">\r\n                                    <h4 style=\"font-family:Inherit !important; font-weight: !important; font-style: !important; \">linkedin.com\/company\/fermentec<\/h4>\r\n                                   <p style=\"font-family:Inherit !important; font-weight: !important; font-style: !important; \"><\/p>\r\n                                <\/a>\r\n                            <\/div>\r\n                        <\/div>\r\n                    <\/div>\r\n                    \r\n                <\/div><div  class=\"bit-iconic-list pb-col-sm-12 \" >\r\n                    <div  class=\"list-item  bit-iconic-list-item\" data-bg-color=\"transparent\" data-hover-color=\"transparent\" data-text-color=\"#a62f2b\" data-hover-text-color=\"\" data-hover-icon-color=\"\" style=\"background: transparent\" >\r\n                        <div class=\"bit-iconic-list-inner\">\r\n                            <span class=\"icon fa fa-envelope\" ><\/span>\r\n                            <div class=\"bit-iconic-list-content\">\r\n                                <a href=\"mailto:eventos@fermentec.com.br\">\r\n                                    <h4 style=\"font-family:Inherit !important; font-weight: !important; font-style: !important; \">eventos@fermentec.com.br<\/h4>\r\n                                   <p style=\"font-family:Inherit !important; font-weight: !important; font-style: !important; \"><\/p>\r\n                                <\/a>\r\n                            <\/div>\r\n                        <\/div>\r\n                    <\/div>\r\n                    \r\n                <\/div><\/div>[\/vc_column][vc_column width=&#8221;1\/3&#8243;][vc_wp_text]<a href=\"https:\/\/youtu.be\/3F1GG2oX6qQ\">[fts_youtube vid_count=4 large_vid=yes large_vid_title=no large_vid_description=no thumbs_play_in_iframe=yes vids_in_row=4 omit_first_thumbnail=no space_between_videos=1px force_columns=no maxres_thumbnail_images=yes thumbs_wrap_color=#fff channel_id=UCMpu8h1oFwO12Qo9PfsTN0A]<\/a>[\/vc_wp_text][\/vc_column][vc_column width=&#8221;1\/3&#8243;][vc_wp_text][custom-facebook-feed][\/vc_wp_text][\/vc_column][\/vc_row]<\/p>\n<\/section>","protected":false},"excerpt":{"rendered":"<p>[vc_row full_width=&#8221;stretch_row&#8221; full_height=&#8221;yes&#8221; equal_height=&#8221;yes&#8221; content_placement=&#8221;middle&#8221; disable_element=&#8221;yes&#8221; css=&#8221;.vc_custom_1621727188735{margin-top: -50px !important;background-image: url(https:\/\/fermenteceventos.com.br\/eventos\/wp-content\/uploads\/2021\/05\/WEB-RA-21-Site-2-4.png?id=1053) !important;background-position: center !important;background-repeat: no-repeat !important;background-size: cover !important;}&#8221;][vc_column][vc_empty_space height=&#8221;50&#8243;][\/vc_column][vc_column width=&#8221;1\/3&#8243;][vc_raw_html]JTVCZGlzcGxheUNvdW50ZG93bnMlMjBpZCUzRCUyMjU1OCUyMiU1RA==[\/vc_raw_html][vc_btn title=&#8221;QUERO TRANSFORMAR MINHA USINA!&#8221; style=&#8221;gradient&#8221; gradient_color_2=&#8221;peacoc&#8221; align=&#8221;center&#8221;<span class=\"excerpt-hellip\"> [\u2026]<\/span><\/p>\n","protected":false},"author":1,"featured_media":0,"parent":0,"menu_order":0,"comment_status":"closed","ping_status":"closed","template":"","meta":[],"_links":{"self":[{"href":"https:\/\/eventosfermentec.com.br\/eventos\/legacy\/index.php?rest_route=\/wp\/v2\/pages\/1032"}],"collection":[{"href":"https:\/\/eventosfermentec.com.br\/eventos\/legacy\/index.php?rest_route=\/wp\/v2\/pages"}],"about":[{"href":"https:\/\/eventosfermentec.com.br\/eventos\/legacy\/index.php?rest_route=\/wp\/v2\/types\/page"}],"author":[{"embeddable":true,"href":"https:\/\/eventosfermentec.com.br\/eventos\/legacy\/index.php?rest_route=\/wp\/v2\/users\/1"}],"replies":[{"embeddable":true,"href":"https:\/\/eventosfermentec.com.br\/eventos\/legacy\/index.php?rest_route=%2Fwp%2Fv2%2Fcomments&post=1032"}],"version-history":[{"count":171,"href":"https:\/\/eventosfermentec.com.br\/eventos\/legacy\/index.php?rest_route=\/wp\/v2\/pages\/1032\/revisions"}],"predecessor-version":[{"id":1347,"href":"https:\/\/eventosfermentec.com.br\/eventos\/legacy\/index.php?rest_route=\/wp\/v2\/pages\/1032\/revisions\/1347"}],"wp:attachment":[{"href":"https:\/\/eventosfermentec.com.br\/eventos\/legacy\/index.php?rest_route=%2Fwp%2Fv2%2Fmedia&parent=1032"}],"curies":[{"name":"wp","href":"https:\/\/api.w.org\/{rel}","templated":true}]}}