{"id":429,"date":"2020-07-11T22:20:42","date_gmt":"2020-07-12T01:20:42","guid":{"rendered":"https:\/\/fermenteceventos.com.br\/eventos\/?page_id=429"},"modified":"2020-12-14T18:17:18","modified_gmt":"2020-12-14T21:17:18","slug":"webmeeting-fermentec-2020","status":"publish","type":"page","link":"https:\/\/eventosfermentec.com.br\/eventos\/legacy\/?page_id=429","title":{"rendered":"Webmeeting Fermentec 2020"},"content":{"rendered":"<section class=\"wpb-content-wrapper\"><p>[vc_row full_width=&#8221;stretch_row&#8221; full_height=&#8221;yes&#8221; equal_height=&#8221;yes&#8221; content_placement=&#8221;middle&#8221; css=&#8221;.vc_custom_1594952529901{margin-top: -50px !important;background-image: url(https:\/\/fermenteceventos.com.br\/eventos\/wp-content\/uploads\/2020\/07\/wmf20-bg.jpeg?id=419) !important;background-position: center !important;background-repeat: no-repeat !important;background-size: cover !important;}&#8221;][vc_column][vc_empty_space height=&#8221;50&#8243;][\/vc_column][vc_column width=&#8221;1\/2&#8243;][vc_single_image image=&#8221;424&#8243; img_size=&#8221;400&#215;78&#8243;][\/vc_column][vc_column width=&#8221;1\/4&#8243;][\/vc_column][vc_column width=&#8221;1\/4&#8243; css=&#8221;.vc_custom_1595124293417{margin-top: 50px !important;}&#8221;][vc_single_image image=&#8221;423&#8243; img_size=&#8221;full&#8221;][vc_btn title=&#8221;Inscreva-se&#8221; style=&#8221;outline-custom&#8221; outline_custom_color=&#8221;#ffffff&#8221; outline_custom_hover_background=&#8221;#ffffff&#8221; outline_custom_hover_text=&#8221;#0e2984&#8243; align=&#8221;center&#8221; button_block=&#8221;true&#8221; link=&#8221;url:https%3A%2F%2Fconteudo.fermentec.com.br%2Fwebmeeting2020||target:%20_blank|&#8221;][\/vc_column][vc_column][text_type_vc align=&#8221;center&#8221; size=&#8221;32&#8243; textmblsize=&#8221;32&#8243; backspeed=&#8221;700&#8243; typersize=&#8221;32&#8243; typermblsize=&#8221;32&#8243; checked=&#8221;true&#8221; before=&#8221;O evento digital mais&#8221; after=&#8221;do setor&#8221; clr=&#8221;#ffffff&#8221; verticalclr=&#8221;#ffffff&#8221;]<span style=\"color: #ffffff;\">t\u00e9cnico<\/span><\/p>\n<p><span style=\"color: #ffffff;\">completo<\/span><\/p>\n<p><span style=\"color: #ffffff;\">interativo<\/span><\/p>\n<p><span style=\"color: #ffffff;\">inovador<\/span>[\/text_type_vc][\/vc_column][\/vc_row][vc_row full_width=&#8221;stretch_row&#8221; equal_height=&#8221;yes&#8221; content_placement=&#8221;middle&#8221; css=&#8221;.vc_custom_1595181629087{padding-top: 50px !important;padding-bottom: 50px !important;background-position: center !important;background-repeat: no-repeat !important;background-size: cover !important;}&#8221; el_id=&#8221;conceito&#8221;][vc_column width=&#8221;1\/2&#8243;][vc_single_image image=&#8221;640&#8243; img_size=&#8221;full&#8221;][\/vc_column][vc_column width=&#8221;1\/2&#8243;][vc_custom_heading text=&#8221;Nada pode parar o conhecimento e a inova\u00e7\u00e3o.&#8221; font_container=&#8221;tag:h2|text_align:left|color:%23000000&#8243; use_theme_fonts=&#8221;yes&#8221;][vc_column_text]<\/p>\n<p class=\"big\">O Webmeeting Fermentec 2020 \u00e9 a resposta da Fermentec \u00e0s limita\u00e7\u00f5es impostas pelo distanciamento social na sua miss\u00e3o de criar e disseminar conhecimento e estimular a ind\u00fastria sucroenerg\u00e9tica a buscar o crescimento e a inova\u00e7\u00e3o tecnol\u00f3gica.<\/p>\n<p class=\"big\">O Webmeeting Fermentec 2020 surge para promover uma experi\u00eancia rica e interativa, tal qual os eventos presenciais, onde profissionais e empresas podem buscar essa capacita\u00e7\u00e3o profissional, atualiza\u00e7\u00e3o tecnol\u00f3gica e networking. Se a intera\u00e7\u00e3o f\u00edsica \u00e9 limitada, o ambiente virtual rompe as limita\u00e7\u00f5es geogr\u00e1ficas e log\u00edstica ampliando assim o alcance do conhecimento e da inova\u00e7\u00e3o.<\/p>\n<p>[\/vc_column_text][\/vc_column][\/vc_row][vc_row full_width=&#8221;stretch_row&#8221; equal_height=&#8221;yes&#8221; content_placement=&#8221;middle&#8221; parallax=&#8221;content-moving&#8221; parallax_image=&#8221;537&#8243; disable_element=&#8221;yes&#8221; css=&#8221;.vc_custom_1595179635108{padding-top: 50px !important;padding-bottom: 50px !important;background-position: center;background-repeat: no-repeat !important;background-size: cover !important;}&#8221;][vc_column width=&#8221;1\/2&#8243;][\/vc_column][vc_column width=&#8221;1\/2&#8243;][vc_custom_heading text=&#8221;Nada pode parar o conhecimento e a inova\u00e7\u00e3o.&#8221; font_container=&#8221;tag:h2|text_align:left|color:%23ffffff&#8221; use_theme_fonts=&#8221;yes&#8221;][vc_column_text]<\/p>\n<p class=\"big\"><span style=\"color: #ffffff;\">O Webmeeting Fermentec 2020 \u00e9 a resposta da Fermentec \u00e0s limita\u00e7\u00f5es impostas pelo distanciamento social na sua miss\u00e3o de criar e disseminar conhecimento e estimular a ind\u00fastria sucroenerg\u00e9tica a buscar o crescimento e a inova\u00e7\u00e3o tecnol\u00f3gica.<\/span><\/p>\n<p class=\"big\"><span style=\"color: #ffffff;\">O Webmeeting Fermentec 2020 surge para promover uma experi\u00eancia rica e interativa, tal qual os eventos presenciais, onde profissionais e empresas podem buscar essa capacita\u00e7\u00e3o profissional, atualiza\u00e7\u00e3o tecnol\u00f3gica e networking. Se a intera\u00e7\u00e3o f\u00edsica \u00e9 limitada, o ambiente virtual rompe as limita\u00e7\u00f5es geogr\u00e1ficas e log\u00edstica ampliando assim o alcance do conhecimento e da inova\u00e7\u00e3o.<\/span><\/p>\n<p>[\/vc_column_text][\/vc_column][\/vc_row][vc_row full_width=&#8221;stretch_row&#8221; equal_height=&#8221;yes&#8221; content_placement=&#8221;middle&#8221; css=&#8221;.vc_custom_1595181809310{padding-top: 50px !important;padding-right: 50px !important;padding-bottom: 50px !important;padding-left: 50px !important;background-color: #000000 !important;background-position: center !important;background-repeat: no-repeat !important;background-size: cover !important;}&#8221; el_class=&#8221;oqueesperar&#8221; el_id=&#8221;oqueesperar&#8221;][vc_column width=&#8221;1\/4&#8243;][vc_custom_heading text=&#8221;O que esperar do Webmeeting Fermentec&#8221; font_container=&#8221;tag:h2|text_align:right|color:%23ffffff&#8221; use_theme_fonts=&#8221;yes&#8221;][\/vc_column][vc_column width=&#8221;3\/4&#8243;][vc_row_inner][vc_column_inner width=&#8221;1\/2&#8243;]<div class=\"icon_box icon_position_top no_border\"><div class=\"image_wrapper\"><img src=\"https:\/\/eventosfermentec.com.br\/eventos\/legacy\/wp-content\/uploads\/2020\/07\/006-o-negocio-1.png\" class=\"scale-with-grid\" alt=\"\" width=\"\" height=\"\"\/><\/div><div class=\"desc_wrapper\"><h4 class=\"title\">Conhecimento aplicado<\/h4><div class=\"desc\">Palestras e apresenta\u00e7\u00f5es sobre novas tecnologias aplicadas e estudos de caso trazendo conhecimento concreto e de viabilidade imediata.<\/div><\/div><\/div>\n<div class=\"icon_box icon_position_top no_border\"><div class=\"image_wrapper\"><img src=\"https:\/\/eventosfermentec.com.br\/eventos\/legacy\/wp-content\/uploads\/2020\/07\/001-cara.png\" class=\"scale-with-grid\" alt=\"\" width=\"\" height=\"\"\/><\/div><div class=\"desc_wrapper\"><h4 class=\"title\">Conveni\u00eancia<\/h4><div class=\"desc\">Um evento completo que te possibilita participar do conforto do seu escrit\u00f3rio, casa ou de onde quer que voc\u00ea tenha acesso ao smartphone ou computador.<\/div><\/div><\/div>\n[\/vc_column_inner][vc_column_inner width=&#8221;1\/2&#8243;]<div class=\"icon_box icon_position_top no_border\"><div class=\"image_wrapper\"><img src=\"https:\/\/eventosfermentec.com.br\/eventos\/legacy\/wp-content\/uploads\/2020\/07\/007-bate-papo.png\" class=\"scale-with-grid\" alt=\"\" width=\"\" height=\"\"\/><\/div><div class=\"desc_wrapper\"><h4 class=\"title\">Discuss\u00e3o de alto n\u00edvel<\/h4><div class=\"desc\">Permeado em toda a programa\u00e7\u00e3o, as discuss\u00f5es e debates envolvendo pesquisadores, t\u00e9cnicos gestores e outros especialistas, trazem a realidade do dia a dia das usinas para o evento.<\/div><\/div><\/div>\n<div class=\"icon_box icon_position_top no_border\"><div class=\"image_wrapper\"><img src=\"https:\/\/eventosfermentec.com.br\/eventos\/legacy\/wp-content\/uploads\/2020\/07\/004-negocios-e-financas.png\" class=\"scale-with-grid\" alt=\"\" width=\"\" height=\"\"\/><\/div><div class=\"desc_wrapper\"><h4 class=\"title\">Oportunidades de Networking<\/h4><div class=\"desc\">Especialistas, profissionais das usinas e provedores de solu\u00e7\u00f5es do setor se encontram em momentos mediados e espont\u00e2neos para criar novas e ricas oportunidades.<\/div><\/div><\/div>\n[\/vc_column_inner][\/vc_row_inner][\/vc_column][\/vc_row][vc_row full_width=&#8221;stretch_row&#8221; el_id=&#8221;conteudo&#8221; el_class=&#8221;conteudo&#8221; css=&#8221;.vc_custom_1599078637601{background-position: center !important;background-repeat: no-repeat !important;background-size: cover !important;}&#8221;][vc_column]<div data-id='2044104739' data-background-color='' data-icon-color='#000' data-heading-color='#000000' data-border-color='#a62f2b' data-icon-position='left' data-heading-position='center' data-heading-tags='h1' class='bit-pb-heading'><h1  class=' top-bordered bit14-heading' style='font-family:Oswald !important; font-weight:300 !important; font-style:normal !important; '>Programa\u00e7\u00e3o<\/h1><\/div>[\/vc_column][vc_column width=&#8221;1\/2&#8243;][vc_tta_accordion shape=&#8221;square&#8221; color=&#8221;mulled-wine&#8221; active_section=&#8221;0&#8243; title=&#8221;Painel Etanol de Milho \u2013 14\/09 segunda-feira&#8221;][vc_tta_section title=&#8221;V\u00eddeo Abertura&#8221; tab_id=&#8221;1594567601022-0bd3f7e7-6c69&#8243;][\/vc_tta_section][vc_tta_section title=&#8221;Boas Vindas \u2013 Henrique Vianna de Amorim (Fundador Fermentec)&#8221; tab_id=&#8221;1594564287566-473e3c74-0589&#8243;][vc_single_image image=&#8221;790&#8243;][\/vc_tta_section][vc_tta_section title=&#8221;Abertura \u2013 Henrique Berbert de Amorim Neto (Presidente Fermentec)&#8221; tab_id=&#8221;1594564287708-f9d010c7-9519&#8243;][vc_single_image image=&#8221;756&#8243;][\/vc_tta_section][vc_tta_section title=&#8221;Como Funciona Evento Webmeeting&#8221; tab_id=&#8221;1594564287876-77da5f44-8a45&#8243;][\/vc_tta_section][vc_tta_section title=&#8221;C\u00e9sar Francisco Martins Garcia (Moderador)&#8221; tab_id=&#8221;1599072280871-d99503b2-74cb&#8221;][vc_single_image image=&#8221;740&#8243;][\/vc_tta_section][vc_tta_section title=&#8221;A sustentabilidade do etanol de milho no Brasil \u2013 Prof. Dr. Marcos Fava Neves (FEA-RP\/USP)&#8221; tab_id=&#8221;1599072297985-25889c1d-9bf1&#8243;][vc_single_image image=&#8221;742&#8243;][\/vc_tta_section][vc_tta_section title=&#8221;Etanol de milho integrado \u00e0s usinas de cana-de-a\u00e7\u00facar e cooperativas \u2013 Alexandre Godoy (Fermentec)&#8221; tab_id=&#8221;1599072316881-01da1058-c9b0&#8243;][vc_single_image image=&#8221;741&#8243;][\/vc_tta_section][vc_tta_section title=&#8221;Import\u00e2ncia dos Coprodutos na determina\u00e7\u00e3o da competitividade do Etanol de Milho \u2013 \u00c2ngelo Pedrosa (Consultor \u2013 Vinculum Agro)&#8221; tab_id=&#8221;1599072339896-c78be00c-b56e&#8221;][vc_single_image image=&#8221;743&#8243;][\/vc_tta_section][vc_tta_section title=&#8221;Desfolhante FINALE\u00ae em cana-de-a\u00e7\u00facar \u2013 Prof. Carlos Alexandre Costa Crusciol (BASF) \u2013 Palestra Complementar&#8221; tab_id=&#8221;1599072360322-fcdab35b-a08a&#8221;][vc_single_image image=&#8221;744&#8243;][\/vc_tta_section][vc_tta_section title=&#8221;Grande Debate&#8221; tab_id=&#8221;1599072380833-2bfd9cba-eef2&#8243;][\/vc_tta_section][vc_tta_section title=&#8221;Encerramento&#8221; tab_id=&#8221;1599072409922-50ad3a8f-3a24&#8243;][\/vc_tta_section][\/vc_tta_accordion][\/vc_column][vc_column width=&#8221;1\/2&#8243;][vc_tta_accordion shape=&#8221;square&#8221; color=&#8221;mulled-wine&#8221; active_section=&#8221;0&#8243; title=&#8221;Painel Fermenta\u00e7\u00f5es Inteligentes \u2013 15\/09 ter\u00e7a-feira&#8221;][vc_tta_section title=&#8221;Abertura&#8221; tab_id=&#8221;1594564415766-7f761442-a969&#8243;][\/vc_tta_section][vc_tta_section title=&#8221;Henrique Berbert de Amorim Neto (Moderador)&#8221; tab_id=&#8221;02-02-palestra&#8221;][vc_single_image image=&#8221;756&#8243;][\/vc_tta_section][vc_tta_section title=&#8221;Intelig\u00eancia na adversidade \u2013 Prof. Andriei Jose Beber (FGV)&#8221; tab_id=&#8221;1594564586706-9b8e7163-01a5&#8243;][vc_single_image image=&#8221;762&#8243;][\/vc_tta_section][vc_tta_section title=&#8221;Fermenta\u00e7\u00e3o: Presente e futuro \u2013 Fernando Henrique C. Giometti (Fermentec)&#8221; tab_id=&#8221;1594564416734-f726e976-410f&#8221;][vc_single_image image=&#8221;763&#8243;][\/vc_tta_section][vc_tta_section title=&#8221;Sistemas HPLC Thermo Scientific Vanquish Core \u2013 Gabriel Monteiro (Thermo Fisher Scientific) \u2013 Palestra Complementar&#8221; tab_id=&#8221;1599072867839-150461c9-136f&#8221;][vc_single_image image=&#8221;769&#8243;][\/vc_tta_section][vc_tta_section title=&#8221;Cromatografia L\u00edquida com a Metrohm Brasil: O melhor custo-benef\u00edcio para monitoramento de A\u00e7\u00facares, Alco\u00f3is e \u00c1cidos Org\u00e2nicos \u2013 Mikhael Kimitoshi Abe (Metrohm) \u2013 Palestra Complementar&#8221; tab_id=&#8221;1599072877144-3f8d2a7d-eea4&#8243;][vc_single_image image=&#8221;764&#8243;][\/vc_tta_section][vc_tta_section title=&#8221;Cases na pr\u00e1tica: Levedura x Vulnerabilidade \u2013 Fernando A. C. Figueiredo Vicente (Usina Alta Mogiana)&#8221; tab_id=&#8221;1599072921146-df36acda-4a01&#8243;][vc_single_image image=&#8221;765&#8243;][\/vc_tta_section][vc_tta_section title=&#8221;Cases na pr\u00e1tica: Decis\u00f5es Estrat\u00e9gicas na Amplia\u00e7\u00e3o da Produ\u00e7\u00e3o de Etanol na Usina da Pedra \u2013 Alexandre Menezes (Usina da Pedra)&#8221; tab_id=&#8221;1599080739255-15d0822d-a4b3&#8243;][vc_single_image image=&#8221;767&#8243;][\/vc_tta_section][vc_tta_section title=&#8221;Grande Debate&#8221; tab_id=&#8221;1599073082883-9e447287-0641&#8243;][\/vc_tta_section][vc_tta_section title=&#8221;Encerramento&#8221; tab_id=&#8221;1599073100795-90d5468b-7272&#8243;][\/vc_tta_section][\/vc_tta_accordion][\/vc_column][\/vc_row][vc_row][vc_column width=&#8221;1\/2&#8243;][vc_tta_accordion shape=&#8221;square&#8221; color=&#8221;mulled-wine&#8221; active_section=&#8221;0&#8243; title=&#8221;Painel A\u00e7\u00facar \u2013 16\/09 quarta-feira&#8221;][vc_tta_section title=&#8221;Abertura&#8221; tab_id=&#8221;1594567581482-d872ac73-3e2e&#8221;][\/vc_tta_section][vc_tta_section title=&#8221;Rudimar A. Cherubin (Moderador)&#8221; tab_id=&#8221;1594567581652-bd51e04e-a492&#8243;][vc_single_image image=&#8221;771&#8243;][\/vc_tta_section][vc_tta_section title=&#8221;Maximiza\u00e7\u00e3o da produ\u00e7\u00e3o de a\u00e7\u00facar: Inova\u00e7\u00e3o tecnol\u00f3gica na ind\u00fastria a\u00e7ucareira, face \u00e0s mudan\u00e7as no sistema de colheita da cana-de-a\u00e7\u00facar \u2013 Prof. Claudio Aguiar (ESALQ-USP)&#8221; tab_id=&#8221;1594567581880-85bff799-f0a6&#8243;][vc_single_image image=&#8221;772&#8243;][\/vc_tta_section][vc_tta_section title=&#8221;Maximiza\u00e7\u00e3o da produ\u00e7\u00e3o de a\u00e7\u00facar: Uso da tecnologia e inova\u00e7\u00f5es na maximiza\u00e7\u00e3o da produ\u00e7\u00e3o do a\u00e7\u00facar \u2013 Murilo Vilela (Fermentec)&#8221; tab_id=&#8221;1599080819312-8ec85a7d-bf0a&#8221;][vc_single_image image=&#8221;774&#8243;][\/vc_tta_section][vc_tta_section title=&#8221;Maximiza\u00e7\u00e3o da produ\u00e7\u00e3o de a\u00e7\u00facar: Novo par\u00e2metro para monitoramento de f\u00e1brica \u2013 Luiz Anderson Teixeira (Fermentec)&#8221; tab_id=&#8221;1599080889835-05c9df33-dfd5&#8243;][vc_single_image image=&#8221;775&#8243;][\/vc_tta_section][vc_tta_section title=&#8221;Tecnologias de Purifica\u00e7\u00e3o Inovadoras e Verdes \u2013 Phelipe Czelusniak (Reverflux\/Novasep) \u2013 Palestra Complementar&#8221; tab_id=&#8221;1594567582068-5b2b01d3-83fc&#8221;][vc_single_image image=&#8221;776&#8243;][\/vc_tta_section][vc_tta_section title=&#8221;Programa A\u00e7\u00facar Eficiente &amp; Seguro \u2013 P.A.E.S.\u00ae SOLENIS \u2013 Glauco Mello (Solenis) \u2013 Palestra Complementar&#8221; tab_id=&#8221;1599073435000-5d9d1e66-c2c7&#8243;][vc_single_image image=&#8221;777&#8243;][\/vc_tta_section][vc_tta_section title=&#8221;Painel Novas Tecnologias \u2013 Mela\u00e7o de Soja&#8221; tab_id=&#8221;1599073454203-be2d03b3-6442&#8243;][\/vc_tta_section][vc_tta_section title=&#8221;M\u00e1rio Lucio Lopes (Moderador)&#8221; tab_id=&#8221;1599073624108-562df37e-144c&#8221;][vc_single_image image=&#8221;778&#8243;][\/vc_tta_section][vc_tta_section title=&#8221;Mela\u00e7o de Soja: Estrat\u00e9gia da CJ Selecta na transforma\u00e7\u00e3o de mela\u00e7o de soja em etanol \u2013 Fernando Betinardi (CJ Selecta)&#8221; tab_id=&#8221;1599080981956-b6359769-f255&#8243;][vc_single_image image=&#8221;779&#8243;][\/vc_tta_section][vc_tta_section title=&#8221;Mela\u00e7o de Soja: P&amp;D e Scale-up \u2013 Guilherme Marengo Ferreira (Fermentec)&#8221; tab_id=&#8221;1599081013532-e0a95257-d601&#8243;][vc_single_image image=&#8221;780&#8243;][\/vc_tta_section][vc_tta_section title=&#8221;Grande Debate&#8221; tab_id=&#8221;1599073675829-8071f17a-2163&#8243;][\/vc_tta_section][vc_tta_section title=&#8221;Encerramento&#8221; tab_id=&#8221;1599073703962-53034044-6919&#8243;][\/vc_tta_section][\/vc_tta_accordion][\/vc_column][vc_column width=&#8221;1\/2&#8243;][vc_tta_accordion shape=&#8221;square&#8221; color=&#8221;mulled-wine&#8221; active_section=&#8221;0&#8243; title=&#8221;Painel Controle Anal\u00edtico \u2013 17\/09 quinta-feira&#8221;][vc_tta_section title=&#8221;Abertura&#8221; tab_id=&#8221;1594567592395-63af5849-4b45&#8243;][\/vc_tta_section][vc_tta_section title=&#8221;Claudemir Bernardino (Moderador) Introdu\u00e7\u00e3o: Dificuldades e alternativas nos controles e medi\u00e7\u00f5es PCTS e RGD&#8221; tab_id=&#8221;1594567592636-6cd48855-cdbd&#8221;][vc_single_image image=&#8221;781&#8243;][\/vc_tta_section][vc_tta_section title=&#8221;A evolu\u00e7\u00e3o dos equipamentos Sueg para laborat\u00f3rio PCTS das usinas \u2013 Marcelo Moda Fava (Sueg) \u2013 Palestra Complementar&#8221; tab_id=&#8221;1594567592825-e114cc9e-50b6&#8243;][\/vc_tta_section][vc_tta_section title=&#8221;Laborat\u00f3rio do futuro \u2013 Automa\u00e7\u00e3o dos processos anal\u00edticos \u2013 Eduardo P. Borges (Fermentec)&#8221; tab_id=&#8221;1594567593049-be600458-434a&#8221;][vc_single_image image=&#8221;783&#8243;][\/vc_tta_section][vc_tta_section title=&#8221;Ganhos reais da tecnologia NIR na ind\u00fastria 4.0 \u2013 Dorival Ap. Pires Junior (Cetec) \u2013 Palestra Complementar&#8221; tab_id=&#8221;1594567660054-2274ea94-54ae&#8221;][vc_single_image image=&#8221;784&#8243;][\/vc_tta_section][vc_tta_section title=&#8221;Solu\u00e7\u00f5es NIR para a ind\u00fastria 4.0 no setor bioenerg\u00e9tico \u2013 Felipe Aquino (Spectral Solutions) \u2013 Palestra Complementar&#8221; tab_id=&#8221;1599073926911-1066dbcf-11ae&#8221;][vc_single_image image=&#8221;793&#8243;][\/vc_tta_section][vc_tta_section title=&#8221;Quantifica\u00e7\u00e3o dos a\u00e7\u00facares (Interferentes no ATR e comparativo metodologias da prensa e digestor) \u2013 Fernando E. R\u00e9 (Fermentec)&#8221; tab_id=&#8221;1599073945065-101007fd-be4a&#8221;][vc_single_image image=&#8221;785&#8243;][\/vc_tta_section][vc_tta_section title=&#8221;Quantifica\u00e7\u00e3o do ART do mosto (Import\u00e2ncia do sistema de amostragem e sistem\u00e1ticas de medi\u00e7\u00e3o dos volumes) \u2013 Cases Clientes Fermentec \u2013 Eder Silvestrini (Fermentec)&#8221; tab_id=&#8221;1599073970924-928f7924-4843&#8243;][vc_single_image image=&#8221;786&#8243;][\/vc_tta_section][vc_tta_section title=&#8221;Alco\u00f3is especiais e otimiza\u00e7\u00e3o energ\u00e9tica \u2013 Claudemir Ribeiro (JW)&#8221; tab_id=&#8221;1599073994656-433c6061-fb9f&#8221;][vc_single_image image=&#8221;787&#8243;][\/vc_tta_section][vc_tta_section title=&#8221;Grande Debate&#8221; tab_id=&#8221;1599074051661-e2fa06bd-1f41&#8243;][\/vc_tta_section][vc_tta_section title=&#8221;Encerramento&#8221; tab_id=&#8221;1599074082645-849fd7d8-f9b0&#8243;][\/vc_tta_section][\/vc_tta_accordion][\/vc_column][\/vc_row][vc_row full_width=&#8221;stretch_row&#8221; equal_height=&#8221;yes&#8221; css=&#8221;.vc_custom_1595184631600{padding-top: 50px !important;padding-bottom: 50px !important;background-image: url(https:\/\/fermenteceventos.com.br\/eventos\/wp-content\/uploads\/2019\/05\/home_band_section_1_bg-vermelho.jpg?id=230) !important;background-position: center !important;background-repeat: no-repeat !important;background-size: cover !important;}&#8221; el_id=&#8221;imagens&#8221;][vc_column]<div data-id='1773310758' data-background-color='' data-icon-color='#000' data-heading-color='#ffffff' data-border-color='#a62f2b' data-icon-position='left' data-heading-position='center' data-heading-tags='h1' class='bit-pb-heading'><h1  class=' top-bordered bit14-heading' style='font-family:Oswald !important; font-weight:300 !important; font-style:normal !important; '>Confira as imagens do Webmeeting Fermentec 2020<\/h1><\/div>[\/vc_column][vc_column width=&#8221;1\/2&#8243;][vc_video link=&#8221;https:\/\/youtu.be\/3F1GG2oX6qQ&#8221;][\/vc_column][vc_column width=&#8221;1\/2&#8243;][vc_gallery type=&#8221;image_grid&#8221; images=&#8221;811,815,806,829,830,836,807,833,810,822,813,827,832,837,834&#8243; img_size=&#8221;100&#215;100&#8243;][vc_btn title=&#8221;Veja a galeria completa&#8221; color=&#8221;white&#8221; i_align=&#8221;right&#8221; i_type=&#8221;openiconic&#8221; i_icon_openiconic=&#8221;vc-oi vc-oi-camera&#8221; add_icon=&#8221;true&#8221; link=&#8221;url:https%3A%2F%2Fwww.flickr.com%2Fphotos%2F155823658%40N02%2Falbums%2F72157716059548393|title:Veja%20a%20galeria%20completa|target:%20_blank|&#8221;][\/vc_column][\/vc_row][vc_row full_width=&#8221;stretch_row&#8221; equal_height=&#8221;yes&#8221; content_placement=&#8221;middle&#8221; css=&#8221;.vc_custom_1596982231162{background-image: url(https:\/\/fermenteceventos.com.br\/eventos\/wp-content\/uploads\/2020\/07\/wmf20-bg.jpeg?id=419) !important;background-position: center !important;background-repeat: no-repeat !important;background-size: cover !important;}&#8221; el_id=&#8221;cta&#8221;][vc_column width=&#8221;1\/6&#8243; offset=&#8221;vc_hidden-sm vc_hidden-xs&#8221;][\/vc_column][vc_column width=&#8221;2\/6&#8243;][vc_custom_heading text=&#8221;Inscreva-se j\u00e1!&#8221; font_container=&#8221;tag:h2|text_align:left|color:%23ffffff&#8221; use_theme_fonts=&#8221;yes&#8221;][vc_column_text]<span style=\"color: #ffffff;\">Garanta sua participa\u00e7\u00e3o e receba novidades!<\/span>[\/vc_column_text][\/vc_column][vc_column width=&#8221;2\/6&#8243;][vc_btn title=&#8221;Inscrever&#8221; style=&#8221;outline-custom&#8221; outline_custom_color=&#8221;#fdca28&#8243; outline_custom_hover_background=&#8221;#fdca28&#8243; outline_custom_hover_text=&#8221;#e40e06&#8243; size=&#8221;lg&#8221; align=&#8221;center&#8221; link=&#8221;url:https%3A%2F%2Fconteudo.fermentec.com.br%2Fwebmeeting2020||target:%20_blank|&#8221;][\/vc_column][vc_column width=&#8221;1\/6&#8243; offset=&#8221;vc_hidden-sm vc_hidden-xs&#8221;][\/vc_column][\/vc_row][vc_row full_width=&#8221;stretch_row&#8221; css=&#8221;.vc_custom_1595184619101{background-position: center !important;background-repeat: no-repeat !important;background-size: cover !important;}&#8221; el_id=&#8221;patrocinadores&#8221;][vc_column]<div data-id='2135543862' data-background-color='' data-icon-color='#000' data-heading-color='#000000' data-border-color='#a62f2b' data-icon-position='left' data-heading-position='center' data-heading-tags='h1' class='bit-pb-heading'><h1  class=' top-bordered bit14-heading' style='font-family:Oswald !important; font-weight:300 !important; font-style:normal !important; '>Patrocinadores<\/h1><\/div>[\/vc_column][vc_column width=&#8221;1\/6&#8243;][\/vc_column][vc_column width=&#8221;2\/3&#8243;][vc_raw_html]JTVCZm9vZ2FsbGVyeSUyMGlkJTNEJTIyNjQ1JTIyJTVE[\/vc_raw_html][\/vc_column][vc_column width=&#8221;1\/6&#8243;][\/vc_column][\/vc_row][vc_row full_width=&#8221;stretch_row&#8221; disable_element=&#8221;yes&#8221; css=&#8221;.vc_custom_1595962024272{background-position: center !important;background-repeat: no-repeat !important;background-size: cover !important;}&#8221;][vc_column]<div data-id='1591417627' data-background-color='' data-icon-color='#000' data-heading-color='#000000' data-border-color='#a62f2b' data-icon-position='left' data-heading-position='center' data-heading-tags='h1' class='bit-pb-heading'><h1  class=' top-bordered bit14-heading' style='font-family:Oswald !important; font-weight:300 !important; font-style:normal !important; '>Patrocinadores<\/h1><\/div>[\/vc_column][vc_column width=&#8221;1\/6&#8243;][\/vc_column][vc_column width=&#8221;2\/3&#8243;][vc_single_image image=&#8221;399&#8243; img_size=&#8221;full&#8221;][\/vc_column][vc_column width=&#8221;1\/6&#8243;][\/vc_column][\/vc_row][vc_row equal_height=&#8221;yes&#8221; content_placement=&#8221;middle&#8221; el_class=&#8221;footer&#8221;][vc_column width=&#8221;1\/3&#8243;][vc_single_image image=&#8221;43&#8243; img_size=&#8221;201&#215;37&#8243;]<div  class='list row horizontal theme_1'><div  class=\"bit-iconic-list pb-col-sm-12 \" >\r\n                    <div  class=\"list-item  bit-iconic-list-item\" data-bg-color=\"transparent\" data-hover-color=\"transparent\" data-text-color=\"#a62f2b\" data-hover-text-color=\"\" data-hover-icon-color=\"\" style=\"background: transparent\" >\r\n                        <div class=\"bit-iconic-list-inner\">\r\n                            <span class=\"icon fa fa-youtube-play\" ><\/span>\r\n                            <div class=\"bit-iconic-list-content\">\r\n                                <a href=\"https:\/\/www.youtube.com\/fermentectv\">\r\n                                    <h4 style=\"font-family:Inherit !important; font-weight: !important; font-style: !important; \">youtube.com\/fermentectv<\/h4>\r\n                                   <p style=\"font-family:Inherit !important; font-weight: !important; font-style: !important; \"><\/p>\r\n                                <\/a>\r\n                            <\/div>\r\n                        <\/div>\r\n                    <\/div>\r\n                    \r\n                <\/div><div  class=\"bit-iconic-list pb-col-sm-12 \" >\r\n                    <div  class=\"list-item  bit-iconic-list-item\" data-bg-color=\"transparent\" data-hover-color=\"transparent\" data-text-color=\"#a62f2b\" data-hover-text-color=\"\" data-hover-icon-color=\"\" style=\"background: transparent\" >\r\n                        <div class=\"bit-iconic-list-inner\">\r\n                            <span class=\"icon fa fa-linkedin-square\" ><\/span>\r\n                            <div class=\"bit-iconic-list-content\">\r\n                                <a href=\"https:\/\/www.linkedin.com\/company\/fermentec\/\">\r\n                                    <h4 style=\"font-family:Inherit !important; font-weight: !important; font-style: !important; \">linkedin.com\/company\/fermentec<\/h4>\r\n                                   <p style=\"font-family:Inherit !important; font-weight: !important; font-style: !important; \"><\/p>\r\n                                <\/a>\r\n                            <\/div>\r\n                        <\/div>\r\n                    <\/div>\r\n                    \r\n                <\/div><div  class=\"bit-iconic-list pb-col-sm-12 \" >\r\n                    <div  class=\"list-item  bit-iconic-list-item\" data-bg-color=\"transparent\" data-hover-color=\"transparent\" data-text-color=\"#a62f2b\" data-hover-text-color=\"\" data-hover-icon-color=\"\" style=\"background: transparent\" >\r\n                        <div class=\"bit-iconic-list-inner\">\r\n                            <span class=\"icon fa fa-envelope\" ><\/span>\r\n                            <div class=\"bit-iconic-list-content\">\r\n                                <a href=\"mailto:eventos@fermentec.com.br\">\r\n                                    <h4 style=\"font-family:Inherit !important; font-weight: !important; font-style: !important; \">eventos@fermentec.com.br<\/h4>\r\n                                   <p style=\"font-family:Inherit !important; font-weight: !important; font-style: !important; \"><\/p>\r\n                                <\/a>\r\n                            <\/div>\r\n                        <\/div>\r\n                    <\/div>\r\n                    \r\n                <\/div><\/div>[\/vc_column][vc_column width=&#8221;1\/3&#8243;][vc_wp_text]<a href=\"https:\/\/youtu.be\/3F1GG2oX6qQ\">[fts_youtube vid_count=6 large_vid=yes large_vid_title=no large_vid_description=no thumbs_play_in_iframe=yes vids_in_row=4 omit_first_thumbnail=no space_between_videos=1px force_columns=no maxres_thumbnail_images=yes thumbs_wrap_color=#000 channel_id=UCMpu8h1oFwO12Qo9PfsTN0A]<\/a>[\/vc_wp_text][\/vc_column][vc_column width=&#8221;1\/3&#8243;][vc_wp_text][custom-facebook-feed][\/vc_wp_text][\/vc_column][\/vc_row]<\/p>\n<\/section>","protected":false},"excerpt":{"rendered":"<p>[vc_row full_width=&#8221;stretch_row&#8221; full_height=&#8221;yes&#8221; equal_height=&#8221;yes&#8221; content_placement=&#8221;middle&#8221; css=&#8221;.vc_custom_1594952529901{margin-top: -50px !important;background-image: url(https:\/\/fermenteceventos.com.br\/eventos\/wp-content\/uploads\/2020\/07\/wmf20-bg.jpeg?id=419) !important;background-position: center !important;background-repeat: no-repeat !important;background-size: cover !important;}&#8221;][vc_column][vc_empty_space height=&#8221;50&#8243;][\/vc_column][vc_column width=&#8221;1\/2&#8243;][vc_single_image image=&#8221;424&#8243; img_size=&#8221;400&#215;78&#8243;][\/vc_column][vc_column width=&#8221;1\/4&#8243;][\/vc_column][vc_column width=&#8221;1\/4&#8243; css=&#8221;.vc_custom_1595124293417{margin-top: 50px !important;}&#8221;][vc_single_image image=&#8221;423&#8243;<span class=\"excerpt-hellip\"> [\u2026]<\/span><\/p>\n","protected":false},"author":1,"featured_media":0,"parent":0,"menu_order":0,"comment_status":"closed","ping_status":"closed","template":"","meta":[],"_links":{"self":[{"href":"https:\/\/eventosfermentec.com.br\/eventos\/legacy\/index.php?rest_route=\/wp\/v2\/pages\/429"}],"collection":[{"href":"https:\/\/eventosfermentec.com.br\/eventos\/legacy\/index.php?rest_route=\/wp\/v2\/pages"}],"about":[{"href":"https:\/\/eventosfermentec.com.br\/eventos\/legacy\/index.php?rest_route=\/wp\/v2\/types\/page"}],"author":[{"embeddable":true,"href":"https:\/\/eventosfermentec.com.br\/eventos\/legacy\/index.php?rest_route=\/wp\/v2\/users\/1"}],"replies":[{"embeddable":true,"href":"https:\/\/eventosfermentec.com.br\/eventos\/legacy\/index.php?rest_route=%2Fwp%2Fv2%2Fcomments&post=429"}],"version-history":[{"count":5,"href":"https:\/\/eventosfermentec.com.br\/eventos\/legacy\/index.php?rest_route=\/wp\/v2\/pages\/429\/revisions"}],"predecessor-version":[{"id":842,"href":"https:\/\/eventosfermentec.com.br\/eventos\/legacy\/index.php?rest_route=\/wp\/v2\/pages\/429\/revisions\/842"}],"wp:attachment":[{"href":"https:\/\/eventosfermentec.com.br\/eventos\/legacy\/index.php?rest_route=%2Fwp%2Fv2%2Fmedia&parent=429"}],"curies":[{"name":"wp","href":"https:\/\/api.w.org\/{rel}","templated":true}]}}